{"id":2003,"date":"2025-11-29T16:32:06","date_gmt":"2025-11-29T15:32:06","guid":{"rendered":"https:\/\/waldkoenigen.de\/cms\/?post_type=mec-events&#038;p=2003"},"modified":"2025-11-29T16:32:47","modified_gmt":"2025-11-29T15:32:47","slug":"adventsnachmittag","status":"publish","type":"mec-events","link":"https:\/\/waldkoenigen.de\/cms\/events\/adventsnachmittag\/","title":{"rendered":"Adventsnachmittag"},"content":{"rendered":"<p>Liebe B\u00fcrgerinnen und B\u00fcrger,<\/p>\n<p>wir laden herzlich ein zu einem <strong>gem\u00fctlichen Adventsnachmittag<\/strong><br \/>\nam <strong>Samstag, den 13. Dezember 2025<\/strong>, um <strong>15:00 Uhr<\/strong><br \/>\nim <strong>Gemeindehaus in Waldk\u00f6nigen<\/strong>.<\/p>\n<p>F\u00fcr warme und kalte Getr\u00e4nke ist selbstverst\u00e4ndlich gesorgt. \u00dcber <strong>Kuchenspenden<\/strong> freuen wir uns sehr \u2013 bitte meldet diese ebenfalls bei <strong>Simone Braun<\/strong> an.<\/p>\n<p>Lasst uns gemeinsam bei <strong>Kaffee, Kuchen und netten Gespr\u00e4chen<\/strong> eine sch\u00f6ne, besinnliche <strong>vorweihnachtliche Zeit <\/strong>verbringen.<\/p>\n<table class=\"lwo-indiv-20-80\" data-width-mm10=\"900\">\n<colgroup>\n<col class=\"lwo_col_90_20\" \/>\n<col class=\"lwo_col_90_80\" \/><\/colgroup>\n<tbody>\n<tr>\n<td class=\"lwo_col_90_20\"><strong>Anmeldung:<\/strong><\/td>\n<td class=\"lwo_col_90_80\"><strong>Simone Braun \u2013 Telefon: 9842484 (ab 17:00 Uhr)<\/strong><\/td>\n<\/tr>\n<\/tbody>\n<\/table>\n<p>Wir freuen uns auf einen sch\u00f6nen Nachmittag mit Euch!<\/p>\n<p><strong>Eure Simone &amp; Annemie<\/strong><\/p>\n","protected":false},"excerpt":{"rendered":"<p>Liebe B\u00fcrgerinnen und B\u00fcrger, wir laden herzlich ein zu einem gem\u00fctlichen Adventsnachmittag am Samstag, den 13. Dezember 2025, um 15:00 Uhr im Gemeindehaus in Waldk\u00f6nigen. F\u00fcr warme und kalte Getr\u00e4nke ist selbstverst\u00e4ndlich gesorgt. \u00dcber Kuchenspenden freuen wir uns sehr \u2013 bitte meldet diese ebenfalls bei Simone Braun an. Lasst uns gemeinsam bei Kaffee, Kuchen und [&hellip;]<\/p>\n","protected":false},"author":2,"featured_media":0,"template":"","tags":[],"mec_category":[],"class_list":["post-2003","mec-events","type-mec-events","status-publish","hentry"],"publishpress_future_workflow_manual_trigger":{"enabledWorkflows":[]},"_links":{"self":[{"href":"https:\/\/waldkoenigen.de\/cms\/wp-json\/wp\/v2\/mec-events\/2003","targetHints":{"allow":["GET"]}}],"collection":[{"href":"https:\/\/waldkoenigen.de\/cms\/wp-json\/wp\/v2\/mec-events"}],"about":[{"href":"https:\/\/waldkoenigen.de\/cms\/wp-json\/wp\/v2\/types\/mec-events"}],"author":[{"embeddable":true,"href":"https:\/\/waldkoenigen.de\/cms\/wp-json\/wp\/v2\/users\/2"}],"wp:attachment":[{"href":"https:\/\/waldkoenigen.de\/cms\/wp-json\/wp\/v2\/media?parent=2003"}],"wp:term":[{"taxonomy":"post_tag","embeddable":true,"href":"https:\/\/waldkoenigen.de\/cms\/wp-json\/wp\/v2\/tags?post=2003"},{"taxonomy":"mec_category","embeddable":true,"href":"https:\/\/waldkoenigen.de\/cms\/wp-json\/wp\/v2\/mec_category?post=2003"}],"curies":[{"name":"wp","href":"https:\/\/api.w.org\/{rel}","templated":true}]}}